{"id":13,"date":"2021-08-17T14:44:51","date_gmt":"2021-08-17T14:44:51","guid":{"rendered":"http:\/\/blueseas.local\/?page_id=13"},"modified":"2025-04-25T09:58:56","modified_gmt":"2025-04-25T09:58:56","slug":"home","status":"publish","type":"page","link":"https:\/\/curacaoblueseasfestival.com\/es\/home\/","title":{"rendered":"Inicio"},"content":{"rendered":"<div data-elementor-type=\"wp-page\" data-elementor-id=\"13\" class=\"elementor elementor-13\" data-elementor-settings=\"[]\">\n\t\t\t\t\t\t\t<div class=\"elementor-section-wrap\">\n\t\t\t\t\t\t\t<section class=\"elementor-section elementor-top-section elementor-element elementor-element-775cf480 elementor-section-boxed elementor-section-height-default elementor-section-height-default\" data-id=\"775cf480\" data-element_type=\"section\">\n\t\t\t\t\t\t<div class=\"elementor-container elementor-column-gap-default\">\n\t\t\t\t\t<div class=\"elementor-column elementor-col-100 elementor-top-column elementor-element elementor-element-56a029cd\" data-id=\"56a029cd\" data-element_type=\"column\" data-settings=\"{&quot;background_background&quot;:&quot;classic&quot;}\">\n\t\t\t<div class=\"elementor-widget-wrap elementor-element-populated\">\n\t\t\t\t\t<div class=\"elementor-background-overlay\"><\/div>\n\t\t\t\t\t\t\t\t<div class=\"elementor-element elementor-element-8b3534 elementor-widget elementor-widget-heading\" data-id=\"8b3534\" data-element_type=\"widget\" data-widget_type=\"heading.default\">\n\t\t\t\t<div class=\"elementor-widget-container\">\n\t\t\t<h2 class=\"elementor-heading-title elementor-size-default\"><h2 class=\"elementor-heading-title elementor-size-default\" style=\"box-sizing: border-box; overflow-wrap: break-word; margin: 0px; font-family: var( --e-global-typography-primary-font-family ), Sans-serif; font-weight: var( --e-global-typography-primary-font-weight ); line-height: 1; color: var( --e-global-color-primary ); font-size: 2rem; padding: 0px; font-style: normal; font-variant-ligatures: normal; font-variant-caps: normal; letter-spacing: normal; orphans: 2; text-align: center; text-indent: 0px; text-transform: none; widows: 2; word-spacing: 0px; -webkit-text-stroke-width: 0px; white-space: normal; background-color: rgb(255, 255, 255); text-decoration-thickness: initial; text-decoration-style: initial; text-decoration-color: initial;\">Cura\u00e7ao International BlueSeas Festival 2024<\/h2><\/h2>\t\t<\/div>\n\t\t\t\t<\/div>\n\t\t\t\t<div class=\"elementor-element elementor-element-57698bf elementor-grid-4 elementor-hidden-desktop elementor-hidden-tablet elementor-hidden-mobile elementor-grid-tablet-2 elementor-grid-mobile-1 elementor-widget elementor-widget-portfolio\" data-id=\"57698bf\" data-element_type=\"widget\" data-settings=\"{&quot;columns&quot;:&quot;4&quot;,&quot;masonry&quot;:&quot;yes&quot;,&quot;columns_tablet&quot;:&quot;2&quot;,&quot;columns_mobile&quot;:&quot;1&quot;,&quot;item_gap&quot;:{&quot;unit&quot;:&quot;px&quot;,&quot;size&quot;:&quot;&quot;,&quot;sizes&quot;:[]},&quot;row_gap&quot;:{&quot;unit&quot;:&quot;px&quot;,&quot;size&quot;:&quot;&quot;,&quot;sizes&quot;:[]}}\" data-widget_type=\"portfolio.default\">\n\t\t\t\t<div class=\"elementor-widget-container\">\n\t\t\t\t\t<div class=\"elementor-portfolio elementor-grid elementor-posts-container\">\n\t\t\t\t<article class=\"elementor-portfolio-item elementor-post  post-1136 post type-post status-publish format-standard has-post-thumbnail hentry category-artist\">\n\t\t\t<a class=\"elementor-post__thumbnail__link\" href=\"https:\/\/curacaoblueseasfestival.com\/es\/victor-wainwright-the-train\/\">\n\t\t\t\t<div class=\"elementor-portfolio-item__img elementor-post__thumbnail\">\n\t\t\t<img width=\"300\" height=\"300\" src=\"https:\/\/curacaoblueseasfestival.com\/wp-content\/uploads\/2023\/02\/CBF007-DD-IMG-INSTA-1080x1080px-Victor-Wainwright_The-Train-300x300.jpg\" class=\"attachment-medium size-medium\" alt=\"\" loading=\"lazy\" srcset=\"https:\/\/curacaoblueseasfestival.com\/wp-content\/uploads\/2023\/02\/CBF007-DD-IMG-INSTA-1080x1080px-Victor-Wainwright_The-Train-300x300.jpg 300w, https:\/\/curacaoblueseasfestival.com\/wp-content\/uploads\/2023\/02\/CBF007-DD-IMG-INSTA-1080x1080px-Victor-Wainwright_The-Train-1024x1024.jpg 1024w, https:\/\/curacaoblueseasfestival.com\/wp-content\/uploads\/2023\/02\/CBF007-DD-IMG-INSTA-1080x1080px-Victor-Wainwright_The-Train-150x150.jpg 150w, https:\/\/curacaoblueseasfestival.com\/wp-content\/uploads\/2023\/02\/CBF007-DD-IMG-INSTA-1080x1080px-Victor-Wainwright_The-Train-768x768.jpg 768w, https:\/\/curacaoblueseasfestival.com\/wp-content\/uploads\/2023\/02\/CBF007-DD-IMG-INSTA-1080x1080px-Victor-Wainwright_The-Train-12x12.jpg 12w, https:\/\/curacaoblueseasfestival.com\/wp-content\/uploads\/2023\/02\/CBF007-DD-IMG-INSTA-1080x1080px-Victor-Wainwright_The-Train.jpg 1080w\" sizes=\"(max-width: 300px) 100vw, 300px\" \/>\t\t<\/div>\n\t\t\t\t<div class=\"elementor-portfolio-item__overlay\">\n\t\t\t\t<h3 class=\"elementor-portfolio-item__title\">\n\t\tVictor Wainwright &#038; The Train\t\t<\/h3>\n\t\t\t\t<\/div>\n\t\t\t\t<\/a>\n\t\t<\/article>\n\t\t\t\t<article class=\"elementor-portfolio-item elementor-post  post-1583 post type-post status-publish format-standard has-post-thumbnail hentry category-artist\">\n\t\t\t<a class=\"elementor-post__thumbnail__link\" href=\"https:\/\/curacaoblueseasfestival.com\/es\/tommy-castro\/\">\n\t\t\t\t<div class=\"elementor-portfolio-item__img elementor-post__thumbnail\">\n\t\t\t<img width=\"300\" height=\"300\" src=\"https:\/\/curacaoblueseasfestival.com\/wp-content\/uploads\/2024\/02\/tommy-castro-sq-300x300.jpg\" class=\"attachment-medium size-medium\" alt=\"\" loading=\"lazy\" srcset=\"https:\/\/curacaoblueseasfestival.com\/wp-content\/uploads\/2024\/02\/tommy-castro-sq-300x300.jpg 300w, https:\/\/curacaoblueseasfestival.com\/wp-content\/uploads\/2024\/02\/tommy-castro-sq-1024x1024.jpg 1024w, https:\/\/curacaoblueseasfestival.com\/wp-content\/uploads\/2024\/02\/tommy-castro-sq-150x150.jpg 150w, https:\/\/curacaoblueseasfestival.com\/wp-content\/uploads\/2024\/02\/tommy-castro-sq-768x768.jpg 768w, https:\/\/curacaoblueseasfestival.com\/wp-content\/uploads\/2024\/02\/tommy-castro-sq-12x12.jpg 12w, https:\/\/curacaoblueseasfestival.com\/wp-content\/uploads\/2024\/02\/tommy-castro-sq.jpg 1080w\" sizes=\"(max-width: 300px) 100vw, 300px\" \/>\t\t<\/div>\n\t\t\t\t<div class=\"elementor-portfolio-item__overlay\">\n\t\t\t\t<h3 class=\"elementor-portfolio-item__title\">\n\t\tTommy Castro\t\t<\/h3>\n\t\t\t\t<\/div>\n\t\t\t\t<\/a>\n\t\t<\/article>\n\t\t\t\t<article class=\"elementor-portfolio-item elementor-post  post-2282 post type-post status-publish format-standard has-post-thumbnail hentry category-artist\">\n\t\t\t<a class=\"elementor-post__thumbnail__link\" href=\"https:\/\/curacaoblueseasfestival.com\/es\/toby-lee\/\">\n\t\t\t\t<div class=\"elementor-portfolio-item__img elementor-post__thumbnail\">\n\t\t\t<img width=\"300\" height=\"300\" src=\"https:\/\/curacaoblueseasfestival.com\/wp-content\/uploads\/2026\/02\/toby-lee-300x300.jpg\" class=\"attachment-medium size-medium\" alt=\"\" loading=\"lazy\" srcset=\"https:\/\/curacaoblueseasfestival.com\/wp-content\/uploads\/2026\/02\/toby-lee.jpg 300w, https:\/\/curacaoblueseasfestival.com\/wp-content\/uploads\/2026\/02\/toby-lee-150x150.jpg 150w, https:\/\/curacaoblueseasfestival.com\/wp-content\/uploads\/2026\/02\/toby-lee-12x12.jpg 12w\" sizes=\"(max-width: 300px) 100vw, 300px\" \/>\t\t<\/div>\n\t\t\t\t<div class=\"elementor-portfolio-item__overlay\">\n\t\t\t\t<h3 class=\"elementor-portfolio-item__title\">\n\t\tToby Lee\t\t<\/h3>\n\t\t\t\t<\/div>\n\t\t\t\t<\/a>\n\t\t<\/article>\n\t\t\t\t<article class=\"elementor-portfolio-item elementor-post  post-2277 post type-post status-publish format-standard has-post-thumbnail hentry category-artist\">\n\t\t\t<a class=\"elementor-post__thumbnail__link\" href=\"https:\/\/curacaoblueseasfestival.com\/es\/thorbjorn-risager-the-black-tornado\/\">\n\t\t\t\t<div class=\"elementor-portfolio-item__img elementor-post__thumbnail\">\n\t\t\t<img width=\"300\" height=\"300\" src=\"https:\/\/curacaoblueseasfestival.com\/wp-content\/uploads\/2026\/02\/thorbjorn-risager-300x300.jpg\" class=\"attachment-medium size-medium\" alt=\"\" loading=\"lazy\" srcset=\"https:\/\/curacaoblueseasfestival.com\/wp-content\/uploads\/2026\/02\/thorbjorn-risager.jpg 300w, https:\/\/curacaoblueseasfestival.com\/wp-content\/uploads\/2026\/02\/thorbjorn-risager-150x150.jpg 150w, https:\/\/curacaoblueseasfestival.com\/wp-content\/uploads\/2026\/02\/thorbjorn-risager-12x12.jpg 12w\" sizes=\"(max-width: 300px) 100vw, 300px\" \/>\t\t<\/div>\n\t\t\t\t<div class=\"elementor-portfolio-item__overlay\">\n\t\t\t\t<h3 class=\"elementor-portfolio-item__title\">\n\t\tThorbj\u00f8rn Risager &#038; The Black Tornado\t\t<\/h3>\n\t\t\t\t<\/div>\n\t\t\t\t<\/a>\n\t\t<\/article>\n\t\t\t\t<article class=\"elementor-portfolio-item elementor-post  post-1151 post type-post status-publish format-standard has-post-thumbnail hentry category-artist\">\n\t\t\t<a class=\"elementor-post__thumbnail__link\" href=\"https:\/\/curacaoblueseasfestival.com\/es\/terrie-odabi\/\">\n\t\t\t\t<div class=\"elementor-portfolio-item__img elementor-post__thumbnail\">\n\t\t\t<img width=\"300\" height=\"300\" src=\"https:\/\/curacaoblueseasfestival.com\/wp-content\/uploads\/2023\/02\/CBF007-DD-IMG-INSTA-1080x1080px-Terrie-Odabi-300x300.jpg\" class=\"attachment-medium size-medium\" alt=\"\" loading=\"lazy\" srcset=\"https:\/\/curacaoblueseasfestival.com\/wp-content\/uploads\/2023\/02\/CBF007-DD-IMG-INSTA-1080x1080px-Terrie-Odabi-300x300.jpg 300w, https:\/\/curacaoblueseasfestival.com\/wp-content\/uploads\/2023\/02\/CBF007-DD-IMG-INSTA-1080x1080px-Terrie-Odabi-1024x1024.jpg 1024w, https:\/\/curacaoblueseasfestival.com\/wp-content\/uploads\/2023\/02\/CBF007-DD-IMG-INSTA-1080x1080px-Terrie-Odabi-150x150.jpg 150w, https:\/\/curacaoblueseasfestival.com\/wp-content\/uploads\/2023\/02\/CBF007-DD-IMG-INSTA-1080x1080px-Terrie-Odabi-768x768.jpg 768w, https:\/\/curacaoblueseasfestival.com\/wp-content\/uploads\/2023\/02\/CBF007-DD-IMG-INSTA-1080x1080px-Terrie-Odabi-12x12.jpg 12w, https:\/\/curacaoblueseasfestival.com\/wp-content\/uploads\/2023\/02\/CBF007-DD-IMG-INSTA-1080x1080px-Terrie-Odabi.jpg 1080w\" sizes=\"(max-width: 300px) 100vw, 300px\" \/>\t\t<\/div>\n\t\t\t\t<div class=\"elementor-portfolio-item__overlay\">\n\t\t\t\t<h3 class=\"elementor-portfolio-item__title\">\n\t\tTerrie Odabi\t\t<\/h3>\n\t\t\t\t<\/div>\n\t\t\t\t<\/a>\n\t\t<\/article>\n\t\t\t\t<article class=\"elementor-portfolio-item elementor-post  post-1163 post type-post status-publish format-standard has-post-thumbnail hentry category-artist\">\n\t\t\t<a class=\"elementor-post__thumbnail__link\" href=\"https:\/\/curacaoblueseasfestival.com\/es\/sugaray-rayford-band\/\">\n\t\t\t\t<div class=\"elementor-portfolio-item__img elementor-post__thumbnail\">\n\t\t\t<img width=\"300\" height=\"300\" src=\"https:\/\/curacaoblueseasfestival.com\/wp-content\/uploads\/2023\/02\/CBF007-DD-IMG-INSTA-1080x1080px-Sugaray-Rayford-Band-300x300.jpg\" class=\"attachment-medium size-medium\" alt=\"\" loading=\"lazy\" srcset=\"https:\/\/curacaoblueseasfestival.com\/wp-content\/uploads\/2023\/02\/CBF007-DD-IMG-INSTA-1080x1080px-Sugaray-Rayford-Band-300x300.jpg 300w, https:\/\/curacaoblueseasfestival.com\/wp-content\/uploads\/2023\/02\/CBF007-DD-IMG-INSTA-1080x1080px-Sugaray-Rayford-Band-1024x1024.jpg 1024w, https:\/\/curacaoblueseasfestival.com\/wp-content\/uploads\/2023\/02\/CBF007-DD-IMG-INSTA-1080x1080px-Sugaray-Rayford-Band-150x150.jpg 150w, https:\/\/curacaoblueseasfestival.com\/wp-content\/uploads\/2023\/02\/CBF007-DD-IMG-INSTA-1080x1080px-Sugaray-Rayford-Band-768x768.jpg 768w, https:\/\/curacaoblueseasfestival.com\/wp-content\/uploads\/2023\/02\/CBF007-DD-IMG-INSTA-1080x1080px-Sugaray-Rayford-Band-12x12.jpg 12w, https:\/\/curacaoblueseasfestival.com\/wp-content\/uploads\/2023\/02\/CBF007-DD-IMG-INSTA-1080x1080px-Sugaray-Rayford-Band.jpg 1080w\" sizes=\"(max-width: 300px) 100vw, 300px\" \/>\t\t<\/div>\n\t\t\t\t<div class=\"elementor-portfolio-item__overlay\">\n\t\t\t\t<h3 class=\"elementor-portfolio-item__title\">\n\t\tSugaray Rayford Band\t\t<\/h3>\n\t\t\t\t<\/div>\n\t\t\t\t<\/a>\n\t\t<\/article>\n\t\t\t\t<article class=\"elementor-portfolio-item elementor-post  post-1899 post type-post status-publish format-standard has-post-thumbnail hentry category-artist\">\n\t\t\t<a class=\"elementor-post__thumbnail__link\" href=\"https:\/\/curacaoblueseasfestival.com\/es\/sue-foley\/\">\n\t\t\t\t<div class=\"elementor-portfolio-item__img elementor-post__thumbnail\">\n\t\t\t<img width=\"300\" height=\"300\" src=\"https:\/\/curacaoblueseasfestival.com\/wp-content\/uploads\/2025\/03\/CBF2025_SueFoley_sq-300x300.jpg\" class=\"attachment-medium size-medium\" alt=\"\" loading=\"lazy\" srcset=\"https:\/\/curacaoblueseasfestival.com\/wp-content\/uploads\/2025\/03\/CBF2025_SueFoley_sq.jpg 300w, https:\/\/curacaoblueseasfestival.com\/wp-content\/uploads\/2025\/03\/CBF2025_SueFoley_sq-150x150.jpg 150w, https:\/\/curacaoblueseasfestival.com\/wp-content\/uploads\/2025\/03\/CBF2025_SueFoley_sq-12x12.jpg 12w\" sizes=\"(max-width: 300px) 100vw, 300px\" \/>\t\t<\/div>\n\t\t\t\t<div class=\"elementor-portfolio-item__overlay\">\n\t\t\t\t<h3 class=\"elementor-portfolio-item__title\">\n\t\tSue Foley\t\t<\/h3>\n\t\t\t\t<\/div>\n\t\t\t\t<\/a>\n\t\t<\/article>\n\t\t\t\t<article class=\"elementor-portfolio-item elementor-post  post-1119 post type-post status-publish format-standard has-post-thumbnail hentry category-artist\">\n\t\t\t<a class=\"elementor-post__thumbnail__link\" href=\"https:\/\/curacaoblueseasfestival.com\/es\/saron-crenshaw-band\/\">\n\t\t\t\t<div class=\"elementor-portfolio-item__img elementor-post__thumbnail\">\n\t\t\t<img width=\"300\" height=\"300\" src=\"https:\/\/curacaoblueseasfestival.com\/wp-content\/uploads\/2023\/02\/CBF007-DD-IMG-INSTA-1080x1080px-SaRon-Crenshaw-Band-300x300.jpg\" class=\"attachment-medium size-medium\" alt=\"\" loading=\"lazy\" srcset=\"https:\/\/curacaoblueseasfestival.com\/wp-content\/uploads\/2023\/02\/CBF007-DD-IMG-INSTA-1080x1080px-SaRon-Crenshaw-Band-300x300.jpg 300w, https:\/\/curacaoblueseasfestival.com\/wp-content\/uploads\/2023\/02\/CBF007-DD-IMG-INSTA-1080x1080px-SaRon-Crenshaw-Band-1024x1024.jpg 1024w, https:\/\/curacaoblueseasfestival.com\/wp-content\/uploads\/2023\/02\/CBF007-DD-IMG-INSTA-1080x1080px-SaRon-Crenshaw-Band-150x150.jpg 150w, https:\/\/curacaoblueseasfestival.com\/wp-content\/uploads\/2023\/02\/CBF007-DD-IMG-INSTA-1080x1080px-SaRon-Crenshaw-Band-768x768.jpg 768w, https:\/\/curacaoblueseasfestival.com\/wp-content\/uploads\/2023\/02\/CBF007-DD-IMG-INSTA-1080x1080px-SaRon-Crenshaw-Band-12x12.jpg 12w, https:\/\/curacaoblueseasfestival.com\/wp-content\/uploads\/2023\/02\/CBF007-DD-IMG-INSTA-1080x1080px-SaRon-Crenshaw-Band.jpg 1080w\" sizes=\"(max-width: 300px) 100vw, 300px\" \/>\t\t<\/div>\n\t\t\t\t<div class=\"elementor-portfolio-item__overlay\">\n\t\t\t\t<h3 class=\"elementor-portfolio-item__title\">\n\t\tSaRon Crenshaw Band\t\t<\/h3>\n\t\t\t\t<\/div>\n\t\t\t\t<\/a>\n\t\t<\/article>\n\t\t\t\t<article class=\"elementor-portfolio-item elementor-post  post-2272 post type-post status-publish format-standard has-post-thumbnail hentry category-artist\">\n\t\t\t<a class=\"elementor-post__thumbnail__link\" href=\"https:\/\/curacaoblueseasfestival.com\/es\/samantha-fish\/\">\n\t\t\t\t<div class=\"elementor-portfolio-item__img elementor-post__thumbnail\">\n\t\t\t<img width=\"300\" height=\"300\" src=\"https:\/\/curacaoblueseasfestival.com\/wp-content\/uploads\/2026\/02\/samantha-fish-300x300.jpg\" class=\"attachment-medium size-medium\" alt=\"\" loading=\"lazy\" srcset=\"https:\/\/curacaoblueseasfestival.com\/wp-content\/uploads\/2026\/02\/samantha-fish.jpg 300w, https:\/\/curacaoblueseasfestival.com\/wp-content\/uploads\/2026\/02\/samantha-fish-150x150.jpg 150w, https:\/\/curacaoblueseasfestival.com\/wp-content\/uploads\/2026\/02\/samantha-fish-12x12.jpg 12w\" sizes=\"(max-width: 300px) 100vw, 300px\" \/>\t\t<\/div>\n\t\t\t\t<div class=\"elementor-portfolio-item__overlay\">\n\t\t\t\t<h3 class=\"elementor-portfolio-item__title\">\n\t\tSamantha Fish\t\t<\/h3>\n\t\t\t\t<\/div>\n\t\t\t\t<\/a>\n\t\t<\/article>\n\t\t\t\t<article class=\"elementor-portfolio-item elementor-post  post-1142 post type-post status-publish format-standard has-post-thumbnail hentry category-artist\">\n\t\t\t<a class=\"elementor-post__thumbnail__link\" href=\"https:\/\/curacaoblueseasfestival.com\/es\/ron-artis-ii-the-truth\/\">\n\t\t\t\t<div class=\"elementor-portfolio-item__img elementor-post__thumbnail\">\n\t\t\t<img width=\"300\" height=\"300\" src=\"https:\/\/curacaoblueseasfestival.com\/wp-content\/uploads\/2023\/02\/CBF007-DD-IMG-INSTA-1080x1080px-Ron-Artis-II_The-Truth-300x300.jpg\" class=\"attachment-medium size-medium\" alt=\"\" loading=\"lazy\" srcset=\"https:\/\/curacaoblueseasfestival.com\/wp-content\/uploads\/2023\/02\/CBF007-DD-IMG-INSTA-1080x1080px-Ron-Artis-II_The-Truth-300x300.jpg 300w, https:\/\/curacaoblueseasfestival.com\/wp-content\/uploads\/2023\/02\/CBF007-DD-IMG-INSTA-1080x1080px-Ron-Artis-II_The-Truth-1024x1024.jpg 1024w, https:\/\/curacaoblueseasfestival.com\/wp-content\/uploads\/2023\/02\/CBF007-DD-IMG-INSTA-1080x1080px-Ron-Artis-II_The-Truth-150x150.jpg 150w, https:\/\/curacaoblueseasfestival.com\/wp-content\/uploads\/2023\/02\/CBF007-DD-IMG-INSTA-1080x1080px-Ron-Artis-II_The-Truth-768x768.jpg 768w, https:\/\/curacaoblueseasfestival.com\/wp-content\/uploads\/2023\/02\/CBF007-DD-IMG-INSTA-1080x1080px-Ron-Artis-II_The-Truth-12x12.jpg 12w, https:\/\/curacaoblueseasfestival.com\/wp-content\/uploads\/2023\/02\/CBF007-DD-IMG-INSTA-1080x1080px-Ron-Artis-II_The-Truth.jpg 1080w\" sizes=\"(max-width: 300px) 100vw, 300px\" \/>\t\t<\/div>\n\t\t\t\t<div class=\"elementor-portfolio-item__overlay\">\n\t\t\t\t<h3 class=\"elementor-portfolio-item__title\">\n\t\tRon Artis II &#038; The Truth\t\t<\/h3>\n\t\t\t\t<\/div>\n\t\t\t\t<\/a>\n\t\t<\/article>\n\t\t\t\t<\/div>\n\t\t\t\t<\/div>\n\t\t\t\t<\/div>\n\t\t\t\t<div class=\"elementor-element elementor-element-03d2331 elementor-widget elementor-widget-text-editor\" data-id=\"03d2331\" data-element_type=\"widget\" data-widget_type=\"text-editor.default\">\n\t\t\t\t<div class=\"elementor-widget-container\">\n\t\t\t\t\t\t\t<p>El viernes 29 y s\u00e1bado 30 de marzo, Pietermaai volver\u00e1 a centrarse en el blues durante la sexta edici\u00f3n del Cura\u00e7ao BlueSeas Festival. El festival comienza la noche del jueves 28 de marzo con un concierto especial en Kura Hulanda.<\/p>\n<p>Pronto se anunciar\u00e1 m\u00e1s informaci\u00f3n sobre la programaci\u00f3n de este a\u00f1o.<\/p>\n<p>\u00a1Nos vemos en Pietermaai con Pascua!<\/p>\t\t\t\t\t\t<\/div>\n\t\t\t\t<\/div>\n\t\t\t\t<div class=\"elementor-element elementor-element-c427428 elementor-aspect-ratio-169 elementor-widget elementor-widget-video\" data-id=\"c427428\" data-element_type=\"widget\" data-settings=\"{&quot;youtube_url&quot;:&quot;https:\\\/\\\/youtu.be\\\/J5xkRZkgLjY&quot;,&quot;video_type&quot;:&quot;youtube&quot;,&quot;controls&quot;:&quot;yes&quot;,&quot;aspect_ratio&quot;:&quot;169&quot;}\" data-widget_type=\"video.default\">\n\t\t\t\t<div class=\"elementor-widget-container\">\n\t\t\t\t\t<div class=\"elementor-wrapper elementor-fit-aspect-ratio elementor-open-inline\">\n\t\t\t<div class=\"elementor-video\"><\/div>\t\t<\/div>\n\t\t\t\t<\/div>\n\t\t\t\t<\/div>\n\t\t\t\t<div class=\"elementor-element elementor-element-3612520 elementor-widget elementor-widget-image\" data-id=\"3612520\" data-element_type=\"widget\" data-widget_type=\"image.default\">\n\t\t\t\t<div class=\"elementor-widget-container\">\n\t\t\t\t\t\t\t\t\t\t\t\t\t\t\t<img width=\"1838\" height=\"948\" src=\"https:\/\/curacaoblueseasfestival.com\/wp-content\/uploads\/2021\/08\/857b1152785c48f4b3083da3f8f0a759-1.jpg\" class=\"attachment-full size-full\" alt=\"\" loading=\"lazy\" srcset=\"https:\/\/curacaoblueseasfestival.com\/wp-content\/uploads\/2021\/08\/857b1152785c48f4b3083da3f8f0a759-1.jpg 1838w, https:\/\/curacaoblueseasfestival.com\/wp-content\/uploads\/2021\/08\/857b1152785c48f4b3083da3f8f0a759-1-300x155.jpg 300w, https:\/\/curacaoblueseasfestival.com\/wp-content\/uploads\/2021\/08\/857b1152785c48f4b3083da3f8f0a759-1-1024x528.jpg 1024w, https:\/\/curacaoblueseasfestival.com\/wp-content\/uploads\/2021\/08\/857b1152785c48f4b3083da3f8f0a759-1-768x396.jpg 768w, https:\/\/curacaoblueseasfestival.com\/wp-content\/uploads\/2021\/08\/857b1152785c48f4b3083da3f8f0a759-1-1536x792.jpg 1536w\" sizes=\"(max-width: 1838px) 100vw, 1838px\" \/>\t\t\t\t\t\t\t\t\t\t\t\t\t\t\t<\/div>\n\t\t\t\t<\/div>\n\t\t\t\t<section class=\"elementor-section elementor-inner-section elementor-element elementor-element-d8d486a elementor-section-boxed elementor-section-height-default elementor-section-height-default\" data-id=\"d8d486a\" data-element_type=\"section\" data-settings=\"{&quot;background_background&quot;:&quot;classic&quot;}\">\n\t\t\t\t\t\t\t<div class=\"elementor-background-overlay\"><\/div>\n\t\t\t\t\t\t\t<div class=\"elementor-container elementor-column-gap-default\">\n\t\t\t\t\t<div class=\"elementor-column elementor-col-50 elementor-inner-column elementor-element elementor-element-1cadc9f4\" data-id=\"1cadc9f4\" data-element_type=\"column\">\n\t\t\t<div class=\"elementor-widget-wrap elementor-element-populated\">\n\t\t\t\t\t\t\t\t<div class=\"elementor-element elementor-element-2e54483f elementor-grid-1 elementor-posts--align-left elementor-grid-tablet-2 elementor-grid-mobile-1 elementor-posts--thumbnail-top elementor-widget elementor-widget-posts\" data-id=\"2e54483f\" data-element_type=\"widget\" data-settings=\"{&quot;classic_columns&quot;:&quot;1&quot;,&quot;classic_columns_tablet&quot;:&quot;2&quot;,&quot;classic_columns_mobile&quot;:&quot;1&quot;,&quot;classic_row_gap&quot;:{&quot;unit&quot;:&quot;px&quot;,&quot;size&quot;:35,&quot;sizes&quot;:[]}}\" data-widget_type=\"posts.classic\">\n\t\t\t\t<div class=\"elementor-widget-container\">\n\t\t\t\t\t<div class=\"elementor-posts-container elementor-posts elementor-posts--skin-classic elementor-grid\">\n\t\t\t\t<article class=\"elementor-post elementor-grid-item post-233 post type-post status-publish format-standard hentry category-footer\">\n\t\t\t\t<div class=\"elementor-post__text\">\n\t\t\t\t<div class=\"elementor-post__excerpt\">\n\t\t\t<p>\u00a9 Copyright 2021 Cura\u00e7ao International BlueSeas Festival. All rights reserved.<\/p>\n\t\t<\/div>\n\t\t\t\t<\/div>\n\t\t\t\t<\/article>\n\t\t\t\t<\/div>\n\n\n\t\t\n\t\t\t\t<\/div>\n\t\t\t\t<\/div>\n\t\t\t\t\t<\/div>\n\t\t<\/div>\n\t\t\t\t<div class=\"elementor-column elementor-col-50 elementor-inner-column elementor-element elementor-element-37e83e9a\" data-id=\"37e83e9a\" data-element_type=\"column\">\n\t\t\t<div class=\"elementor-widget-wrap elementor-element-populated\">\n\t\t\t\t\t\t\t\t<div class=\"elementor-element elementor-element-69145940 elementor-widget elementor-widget-text-editor\" data-id=\"69145940\" data-element_type=\"widget\" data-widget_type=\"text-editor.default\">\n\t\t\t\t<div class=\"elementor-widget-container\">\n\t\t\t\t\t\t\t<p><a href=\"https:\/\/curacaoblueseasfestival.com\/es\/contact\/\">Contacto<\/a><\/p>\t\t\t\t\t\t<\/div>\n\t\t\t\t<\/div>\n\t\t\t\t\t<\/div>\n\t\t<\/div>\n\t\t\t\t\t\t\t<\/div>\n\t\t<\/section>\n\t\t\t\t\t<\/div>\n\t\t<\/div>\n\t\t\t\t\t\t\t<\/div>\n\t\t<\/section>\n\t\t\t\t\t\t<\/div>\n\t\t\t\t\t<\/div>","protected":false},"excerpt":{"rendered":"<p>Cura\u00e7ao International BlueSeas Festival 2024 Friday 29 and Saturday 30 March, Pietermaai will be all about the blues again during the sixth edition of the Cura\u00e7ao BlueSeas Festival.The festival opens on Thursday evening, 28 March with a special concert at Kura Hulanda. More information about this year\u2019s line up will be announced soon. See you [&hellip;]<\/p>","protected":false},"author":1,"featured_media":0,"parent":0,"menu_order":0,"comment_status":"closed","ping_status":"closed","template":"","meta":[],"_links":{"self":[{"href":"https:\/\/curacaoblueseasfestival.com\/es\/wp-json\/wp\/v2\/pages\/13"}],"collection":[{"href":"https:\/\/curacaoblueseasfestival.com\/es\/wp-json\/wp\/v2\/pages"}],"about":[{"href":"https:\/\/curacaoblueseasfestival.com\/es\/wp-json\/wp\/v2\/types\/page"}],"author":[{"embeddable":true,"href":"https:\/\/curacaoblueseasfestival.com\/es\/wp-json\/wp\/v2\/users\/1"}],"replies":[{"embeddable":true,"href":"https:\/\/curacaoblueseasfestival.com\/es\/wp-json\/wp\/v2\/comments?post=13"}],"version-history":[{"count":56,"href":"https:\/\/curacaoblueseasfestival.com\/es\/wp-json\/wp\/v2\/pages\/13\/revisions"}],"predecessor-version":[{"id":2182,"href":"https:\/\/curacaoblueseasfestival.com\/es\/wp-json\/wp\/v2\/pages\/13\/revisions\/2182"}],"wp:attachment":[{"href":"https:\/\/curacaoblueseasfestival.com\/es\/wp-json\/wp\/v2\/media?parent=13"}],"curies":[{"name":"wp","href":"https:\/\/api.w.org\/{rel}","templated":true}]}}